{"id":23,"date":"2022-02-23T19:38:08","date_gmt":"2022-02-23T18:38:08","guid":{"rendered":"https:\/\/www.vilellarecicla.com\/?page_id=23"},"modified":"2022-04-22T14:59:18","modified_gmt":"2022-04-22T12:59:18","slug":"valors","status":"publish","type":"page","link":"https:\/\/www.vilellarecicla.com\/ca\/sobre-nosaltres\/valors\/","title":{"rendered":"Valors"},"content":{"rendered":"\t\t<div data-elementor-type=\"wp-page\" data-elementor-id=\"23\" class=\"elementor elementor-23\" data-elementor-post-type=\"page\">\n\t\t\t\t\t\t<section class=\"elementor-section elementor-top-section elementor-element elementor-element-8dd19eb elementor-section-full_width elementor-section-height-default elementor-section-height-default\" data-id=\"8dd19eb\" data-element_type=\"section\">\n\t\t\t\t\t\t<div class=\"elementor-container elementor-column-gap-default\">\n\t\t\t\t\t<div class=\"elementor-column elementor-col-100 elementor-top-column elementor-element elementor-element-a08b982\" data-id=\"a08b982\" data-element_type=\"column\">\n\t\t\t<div class=\"elementor-widget-wrap elementor-element-populated\">\n\t\t\t\t\t\t<div class=\"elementor-element elementor-element-771bc7f elementor--v-position-bottom elementor--h-position-center elementor-arrows-position-inside elementor-pagination-position-inside elementor-widget elementor-widget-slides\" data-id=\"771bc7f\" data-element_type=\"widget\" data-settings=\"{&quot;transition&quot;:&quot;fade&quot;,&quot;navigation&quot;:&quot;both&quot;,&quot;autoplay&quot;:&quot;yes&quot;,&quot;pause_on_hover&quot;:&quot;yes&quot;,&quot;pause_on_interaction&quot;:&quot;yes&quot;,&quot;autoplay_speed&quot;:5000,&quot;infinite&quot;:&quot;yes&quot;,&quot;transition_speed&quot;:500}\" data-widget_type=\"slides.default\">\n\t\t\t\t<div class=\"elementor-widget-container\">\n\t\t\t\t\t\t\t\t\t<div class=\"elementor-swiper\">\n\t\t\t\t\t<div class=\"elementor-slides-wrapper elementor-main-swiper swiper\" role=\"region\" aria-roledescription=\"carousel\" aria-label=\"Diapositives\" dir=\"ltr\" data-animation=\"fadeInUp\">\n\t\t\t\t<div class=\"swiper-wrapper elementor-slides\">\n\t\t\t\t\t\t\t\t\t\t<div class=\"elementor-repeater-item-c73533d swiper-slide\" role=\"group\" aria-roledescription=\"slide\"><div class=\"swiper-slide-bg\" role=\"img\"><\/div><div class=\"elementor-background-overlay\"><\/div><div class=\"swiper-slide-inner\" ><div class=\"swiper-slide-contents\"><div class=\"elementor-slide-heading\">ELS NOSTRES VALORS<\/div><div class=\"elementor-slide-description\">Proporcionem solucions eficients i sostenibles per a la gesti\u00f3 i valoritzaci\u00f3 de residus.<\/div><\/div><\/div><\/div>\t\t\t\t<\/div>\n\t\t\t\t\t\t\t<\/div>\n\t\t\t\t<\/div>\n\t\t\t\t\t\t\t\t<\/div>\n\t\t\t\t<\/div>\n\t\t\t\t<div class=\"elementor-element elementor-element-b9823d9 elementor-hidden-desktop elementor-hidden-tablet elementor-hidden-mobile elementor-widget elementor-widget-heading\" data-id=\"b9823d9\" data-element_type=\"widget\" data-widget_type=\"heading.default\">\n\t\t\t\t<div class=\"elementor-widget-container\">\n\t\t\t\t\t<h1 class=\"elementor-heading-title elementor-size-default\">Valors<\/h1>\t\t\t\t<\/div>\n\t\t\t\t<\/div>\n\t\t\t\t\t<\/div>\n\t\t<\/div>\n\t\t\t\t\t<\/div>\n\t\t<\/section>\n\t\t\t\t<section class=\"elementor-section elementor-top-section elementor-element elementor-element-77980ab elementor-section-boxed elementor-section-height-default elementor-section-height-default\" data-id=\"77980ab\" data-element_type=\"section\" data-settings=\"{&quot;background_background&quot;:&quot;classic&quot;}\">\n\t\t\t\t\t\t\t<div class=\"elementor-background-overlay\"><\/div>\n\t\t\t\t\t\t\t<div class=\"elementor-container elementor-column-gap-default\">\n\t\t\t\t\t<div class=\"elementor-column elementor-col-100 elementor-top-column elementor-element elementor-element-4a06b20\" data-id=\"4a06b20\" data-element_type=\"column\">\n\t\t\t<div class=\"elementor-widget-wrap elementor-element-populated\">\n\t\t\t\t\t\t<div class=\"elementor-element elementor-element-74c691c elementor-widget elementor-widget-heading\" data-id=\"74c691c\" data-element_type=\"widget\" data-widget_type=\"heading.default\">\n\t\t\t\t<div class=\"elementor-widget-container\">\n\t\t\t\t\t<h2 class=\"elementor-heading-title elementor-size-default\">Els nostres <b>valors<\/b><\/h2>\t\t\t\t<\/div>\n\t\t\t\t<\/div>\n\t\t\t\t<div class=\"elementor-element elementor-element-2d436bc elementor-widget elementor-widget-heading\" data-id=\"2d436bc\" data-element_type=\"widget\" data-widget_type=\"heading.default\">\n\t\t\t\t<div class=\"elementor-widget-container\">\n\t\t\t\t\t<span class=\"elementor-heading-title elementor-size-default\">Proporcionem solucions eficients i sostenibles<br> per a la gesti\u00f3 i valoritzaci\u00f3 de residus.<\/span>\t\t\t\t<\/div>\n\t\t\t\t<\/div>\n\t\t\t\t<section class=\"elementor-section elementor-inner-section elementor-element elementor-element-1c54256 elementor-section-boxed elementor-section-height-default elementor-section-height-default\" data-id=\"1c54256\" data-element_type=\"section\">\n\t\t\t\t\t\t<div class=\"elementor-container elementor-column-gap-wider\">\n\t\t\t\t\t<div class=\"elementor-column elementor-col-50 elementor-inner-column elementor-element elementor-element-f528503\" data-id=\"f528503\" data-element_type=\"column\">\n\t\t\t<div class=\"elementor-widget-wrap elementor-element-populated\">\n\t\t\t\t\t\t<div class=\"elementor-element elementor-element-16ae215 elementor-position-left block_item_valor valorverd elementor-vertical-align-top elementor-widget elementor-widget-image-box\" data-id=\"16ae215\" data-element_type=\"widget\" data-widget_type=\"image-box.default\">\n\t\t\t\t<div class=\"elementor-widget-container\">\n\t\t\t\t\t<div class=\"elementor-image-box-wrapper\"><figure class=\"elementor-image-box-img\"><img decoding=\"async\" width=\"65\" height=\"64\" src=\"https:\/\/www.vilellarecicla.com\/ca\/wp-content\/uploads\/sites\/4\/ico-compromis.svg\" class=\"attachment-full size-full wp-image-237\" alt=\"\" \/><\/figure><div class=\"elementor-image-box-content\"><h4 class=\"elementor-image-box-title\">COMPROM\u00cdS<\/h4><p class=\"elementor-image-box-description\"><b>Amb els nostres clients i amb el medi ambient<\/b>, centrats a donar solucions en la gesti\u00f3 de residus per fomentar l'economia circular i reduir l'impacte ambiental.<\/p><\/div><\/div>\t\t\t\t<\/div>\n\t\t\t\t<\/div>\n\t\t\t\t<div class=\"elementor-element elementor-element-45e8ac4 elementor-position-left block_item_valor valorverd elementor-vertical-align-top elementor-widget elementor-widget-image-box\" data-id=\"45e8ac4\" data-element_type=\"widget\" data-widget_type=\"image-box.default\">\n\t\t\t\t<div class=\"elementor-widget-container\">\n\t\t\t\t\t<div class=\"elementor-image-box-wrapper\"><figure class=\"elementor-image-box-img\"><img decoding=\"async\" width=\"65\" height=\"64\" src=\"https:\/\/www.vilellarecicla.com\/ca\/wp-content\/uploads\/sites\/4\/ico-passio.svg\" class=\"attachment-full size-full wp-image-236\" alt=\"\" \/><\/figure><div class=\"elementor-image-box-content\"><h4 class=\"elementor-image-box-title\">PASSI\u00d3<\/h4><p class=\"elementor-image-box-description\"><b>Ens aferrem a l'objectiu de Residu Zero<\/b>, la motivaci\u00f3 que ens empeny amb for\u00e7a cada dia per millorar en els processos de valoritzaci\u00f3 i reciclatge.<\/p><\/div><\/div>\t\t\t\t<\/div>\n\t\t\t\t<\/div>\n\t\t\t\t<div class=\"elementor-element elementor-element-fdb03a0 elementor-position-left block_item_valor valorverd elementor-vertical-align-top elementor-widget elementor-widget-image-box\" data-id=\"fdb03a0\" data-element_type=\"widget\" data-widget_type=\"image-box.default\">\n\t\t\t\t<div class=\"elementor-widget-container\">\n\t\t\t\t\t<div class=\"elementor-image-box-wrapper\"><figure class=\"elementor-image-box-img\"><img decoding=\"async\" width=\"65\" height=\"64\" src=\"https:\/\/www.vilellarecicla.com\/ca\/wp-content\/uploads\/sites\/4\/ico-valor_huma.svg\" class=\"attachment-full size-full wp-image-235\" alt=\"\" \/><\/figure><div class=\"elementor-image-box-content\"><h4 class=\"elementor-image-box-title\">VALOR HUM\u00c0<\/h4><p class=\"elementor-image-box-description\"><b>Comptem amb professionals formats i especialitzats<\/b> en cadascun dels serveis mediambientals que oferim, que treballen en equip i orgullosos de la seva feina.<\/p><\/div><\/div>\t\t\t\t<\/div>\n\t\t\t\t<\/div>\n\t\t\t\t\t<\/div>\n\t\t<\/div>\n\t\t\t\t<div class=\"elementor-column elementor-col-50 elementor-inner-column elementor-element elementor-element-dd68d58\" data-id=\"dd68d58\" data-element_type=\"column\">\n\t\t\t<div class=\"elementor-widget-wrap elementor-element-populated\">\n\t\t\t\t\t\t<div class=\"elementor-element elementor-element-e5d5ca7 elementor-position-left block_item_valor valorblau elementor-vertical-align-top elementor-widget elementor-widget-image-box\" data-id=\"e5d5ca7\" data-element_type=\"widget\" data-widget_type=\"image-box.default\">\n\t\t\t\t<div class=\"elementor-widget-container\">\n\t\t\t\t\t<div class=\"elementor-image-box-wrapper\"><figure class=\"elementor-image-box-img\"><img loading=\"lazy\" decoding=\"async\" width=\"65\" height=\"64\" src=\"https:\/\/www.vilellarecicla.com\/ca\/wp-content\/uploads\/sites\/4\/ico-innovacio.svg\" class=\"attachment-full size-full wp-image-239\" alt=\"\" \/><\/figure><div class=\"elementor-image-box-content\"><h4 class=\"elementor-image-box-title\">INNOVACI\u00d3<\/h4><p class=\"elementor-image-box-description\"><b>Incorporem R+D<\/b> en l\u2019evoluci\u00f3 de la nostra gesti\u00f3 i tractament de residus per assolir millors resultats en la transformaci\u00f3 de residus en recursos.\n<\/p><\/div><\/div>\t\t\t\t<\/div>\n\t\t\t\t<\/div>\n\t\t\t\t<div class=\"elementor-element elementor-element-8121db5 elementor-position-left block_item_valor valorblau elementor-vertical-align-top elementor-widget elementor-widget-image-box\" data-id=\"8121db5\" data-element_type=\"widget\" data-widget_type=\"image-box.default\">\n\t\t\t\t<div class=\"elementor-widget-container\">\n\t\t\t\t\t<div class=\"elementor-image-box-wrapper\"><figure class=\"elementor-image-box-img\"><img loading=\"lazy\" decoding=\"async\" width=\"65\" height=\"64\" src=\"https:\/\/www.vilellarecicla.com\/ca\/wp-content\/uploads\/sites\/4\/ico-sostenibilitat.svg\" class=\"attachment-full size-full wp-image-240\" alt=\"\" \/><\/figure><div class=\"elementor-image-box-content\"><h4 class=\"elementor-image-box-title\">SOSTENIBILITAT<\/h4><p class=\"elementor-image-box-description\"><b>Treballem per reduir el consum de recursos naturals<\/b> i minimitzar l'impacte de la nostra activitat a l'entorn, i invertim en millores cont\u00ednues a les nostres plantes.<\/p><\/div><\/div>\t\t\t\t<\/div>\n\t\t\t\t<\/div>\n\t\t\t\t<div class=\"elementor-element elementor-element-5f789ba elementor-position-left block_item_valor valorblau elementor-vertical-align-top elementor-widget elementor-widget-image-box\" data-id=\"5f789ba\" data-element_type=\"widget\" data-widget_type=\"image-box.default\">\n\t\t\t\t<div class=\"elementor-widget-container\">\n\t\t\t\t\t<div class=\"elementor-image-box-wrapper\"><figure class=\"elementor-image-box-img\"><img loading=\"lazy\" decoding=\"async\" width=\"65\" height=\"64\" src=\"https:\/\/www.vilellarecicla.com\/ca\/wp-content\/uploads\/sites\/4\/ico-flexibilitat.svg\" class=\"attachment-full size-full wp-image-238\" alt=\"\" \/><\/figure><div class=\"elementor-image-box-content\"><h4 class=\"elementor-image-box-title\">FLEXIBILITAT<\/h4><p class=\"elementor-image-box-description\"><b>Ens adaptem a qualsevol situaci\u00f3 o repte que se'ns plantegi<\/b> cercant recursos i alternatives per aconseguir el resultat final que els nostres clients volen.<\/p><\/div><\/div>\t\t\t\t<\/div>\n\t\t\t\t<\/div>\n\t\t\t\t\t<\/div>\n\t\t<\/div>\n\t\t\t\t\t<\/div>\n\t\t<\/section>\n\t\t\t\t\t<\/div>\n\t\t<\/div>\n\t\t\t\t\t<\/div>\n\t\t<\/section>\n\t\t\t\t<\/div>\n\t\t","protected":false},"excerpt":{"rendered":"<p>ELS NOSTRES VALORSProporcionem solucions eficients i sostenibles per a la gesti\u00f3 i valoritzaci\u00f3 de residus. Els nostres valors Proporcionem solucions eficients i sostenibles per a la gesti\u00f3 i valoritzaci\u00f3 de residus. COMPROM\u00cdS Amb els nostres clients i amb el medi ambient, centrats a donar solucions en la gesti\u00f3 de residus per fomentar l&#8217;economia circular i [&hellip;]<\/p>\n","protected":false},"author":1,"featured_media":0,"parent":18,"menu_order":0,"comment_status":"closed","ping_status":"closed","template":"","meta":{"footnotes":""},"class_list":["post-23","page","type-page","status-publish","hentry"],"yoast_head":"<!-- This site is optimized with the Yoast SEO plugin v27.4 - https:\/\/yoast.com\/product\/yoast-seo-wordpress\/ -->\n<title>Valors - Vilella Recicla<\/title>\n<meta name=\"robots\" content=\"index, follow, max-snippet:-1, max-image-preview:large, max-video-preview:-1\" \/>\n<link rel=\"canonical\" href=\"https:\/\/www.vilellarecicla.com\/ca\/sobre-nosaltres\/valors\/\" \/>\n<meta property=\"og:locale\" content=\"ca_ES\" \/>\n<meta property=\"og:type\" content=\"article\" \/>\n<meta property=\"og:title\" content=\"Valors - Vilella Recicla\" \/>\n<meta property=\"og:description\" content=\"ELS NOSTRES VALORSProporcionem solucions eficients i sostenibles per a la gesti\u00f3 i valoritzaci\u00f3 de residus. Els nostres valors Proporcionem solucions eficients i sostenibles per a la gesti\u00f3 i valoritzaci\u00f3 de residus. COMPROM\u00cdS Amb els nostres clients i amb el medi ambient, centrats a donar solucions en la gesti\u00f3 de residus per fomentar l&#8217;economia circular i [&hellip;]\" \/>\n<meta property=\"og:url\" content=\"https:\/\/www.vilellarecicla.com\/ca\/sobre-nosaltres\/valors\/\" \/>\n<meta property=\"og:site_name\" content=\"Vilella Recicla\" \/>\n<meta property=\"article:modified_time\" content=\"2022-04-22T12:59:18+00:00\" \/>\n<meta property=\"og:image\" content=\"https:\/\/www.vilellarecicla.com\/wp-content\/uploads\/sites\/4\/ico-compromis.svg\" \/>\n<meta name=\"twitter:card\" content=\"summary_large_image\" \/>\n<meta name=\"twitter:label1\" content=\"Temps estimat de lectura\" \/>\n\t<meta name=\"twitter:data1\" content=\"3 minuts\" \/>\n<script type=\"application\/ld+json\" class=\"yoast-schema-graph\">{\"@context\":\"https:\\\/\\\/schema.org\",\"@graph\":[{\"@type\":\"WebPage\",\"@id\":\"https:\\\/\\\/www.vilellarecicla.com\\\/ca\\\/sobre-nosaltres\\\/valors\\\/\",\"url\":\"https:\\\/\\\/www.vilellarecicla.com\\\/ca\\\/sobre-nosaltres\\\/valors\\\/\",\"name\":\"Valors - Vilella Recicla\",\"isPartOf\":{\"@id\":\"https:\\\/\\\/www.vilellarecicla.com\\\/ca\\\/#website\"},\"primaryImageOfPage\":{\"@id\":\"https:\\\/\\\/www.vilellarecicla.com\\\/ca\\\/sobre-nosaltres\\\/valors\\\/#primaryimage\"},\"image\":{\"@id\":\"https:\\\/\\\/www.vilellarecicla.com\\\/ca\\\/sobre-nosaltres\\\/valors\\\/#primaryimage\"},\"thumbnailUrl\":\"https:\\\/\\\/www.vilellarecicla.com\\\/wp-content\\\/uploads\\\/sites\\\/4\\\/ico-compromis.svg\",\"datePublished\":\"2022-02-23T18:38:08+00:00\",\"dateModified\":\"2022-04-22T12:59:18+00:00\",\"breadcrumb\":{\"@id\":\"https:\\\/\\\/www.vilellarecicla.com\\\/ca\\\/sobre-nosaltres\\\/valors\\\/#breadcrumb\"},\"inLanguage\":\"ca\",\"potentialAction\":[{\"@type\":\"ReadAction\",\"target\":[\"https:\\\/\\\/www.vilellarecicla.com\\\/ca\\\/sobre-nosaltres\\\/valors\\\/\"]}]},{\"@type\":\"ImageObject\",\"inLanguage\":\"ca\",\"@id\":\"https:\\\/\\\/www.vilellarecicla.com\\\/ca\\\/sobre-nosaltres\\\/valors\\\/#primaryimage\",\"url\":\"https:\\\/\\\/www.vilellarecicla.com\\\/wp-content\\\/uploads\\\/sites\\\/4\\\/ico-compromis.svg\",\"contentUrl\":\"https:\\\/\\\/www.vilellarecicla.com\\\/wp-content\\\/uploads\\\/sites\\\/4\\\/ico-compromis.svg\"},{\"@type\":\"BreadcrumbList\",\"@id\":\"https:\\\/\\\/www.vilellarecicla.com\\\/ca\\\/sobre-nosaltres\\\/valors\\\/#breadcrumb\",\"itemListElement\":[{\"@type\":\"ListItem\",\"position\":1,\"name\":\"Inici\",\"item\":\"https:\\\/\\\/www.vilellarecicla.com\\\/ca\\\/\"},{\"@type\":\"ListItem\",\"position\":2,\"name\":\"Sobre nosaltres\",\"item\":\"https:\\\/\\\/www.vilellarecicla.com\\\/ca\\\/sobre-nosaltres\\\/\"},{\"@type\":\"ListItem\",\"position\":3,\"name\":\"Valors\"}]},{\"@type\":\"WebSite\",\"@id\":\"https:\\\/\\\/www.vilellarecicla.com\\\/ca\\\/#website\",\"url\":\"https:\\\/\\\/www.vilellarecicla.com\\\/ca\\\/\",\"name\":\"Vilella Recicla\",\"description\":\"Transformem residus en recursos\",\"publisher\":{\"@id\":\"https:\\\/\\\/www.vilellarecicla.com\\\/ca\\\/#organization\"},\"potentialAction\":[{\"@type\":\"SearchAction\",\"target\":{\"@type\":\"EntryPoint\",\"urlTemplate\":\"https:\\\/\\\/www.vilellarecicla.com\\\/ca\\\/?s={search_term_string}\"},\"query-input\":{\"@type\":\"PropertyValueSpecification\",\"valueRequired\":true,\"valueName\":\"search_term_string\"}}],\"inLanguage\":\"ca\"},{\"@type\":\"Organization\",\"@id\":\"https:\\\/\\\/www.vilellarecicla.com\\\/ca\\\/#organization\",\"name\":\"Vilella Recicla\",\"url\":\"https:\\\/\\\/www.vilellarecicla.com\\\/ca\\\/\",\"logo\":{\"@type\":\"ImageObject\",\"inLanguage\":\"ca\",\"@id\":\"https:\\\/\\\/www.vilellarecicla.com\\\/ca\\\/#\\\/schema\\\/logo\\\/image\\\/\",\"url\":\"https:\\\/\\\/www.vilellarecicla.com\\\/ca\\\/wp-content\\\/uploads\\\/sites\\\/4\\\/logo-Vilella_horitzontal.svg\",\"contentUrl\":\"https:\\\/\\\/www.vilellarecicla.com\\\/ca\\\/wp-content\\\/uploads\\\/sites\\\/4\\\/logo-Vilella_horitzontal.svg\",\"width\":777,\"height\":153,\"caption\":\"Vilella Recicla\"},\"image\":{\"@id\":\"https:\\\/\\\/www.vilellarecicla.com\\\/ca\\\/#\\\/schema\\\/logo\\\/image\\\/\"}}]}<\/script>\n<!-- \/ Yoast SEO plugin. -->","yoast_head_json":{"title":"Valors - Vilella Recicla","robots":{"index":"index","follow":"follow","max-snippet":"max-snippet:-1","max-image-preview":"max-image-preview:large","max-video-preview":"max-video-preview:-1"},"canonical":"https:\/\/www.vilellarecicla.com\/ca\/sobre-nosaltres\/valors\/","og_locale":"ca_ES","og_type":"article","og_title":"Valors - Vilella Recicla","og_description":"ELS NOSTRES VALORSProporcionem solucions eficients i sostenibles per a la gesti\u00f3 i valoritzaci\u00f3 de residus. Els nostres valors Proporcionem solucions eficients i sostenibles per a la gesti\u00f3 i valoritzaci\u00f3 de residus. COMPROM\u00cdS Amb els nostres clients i amb el medi ambient, centrats a donar solucions en la gesti\u00f3 de residus per fomentar l&#8217;economia circular i [&hellip;]","og_url":"https:\/\/www.vilellarecicla.com\/ca\/sobre-nosaltres\/valors\/","og_site_name":"Vilella Recicla","article_modified_time":"2022-04-22T12:59:18+00:00","og_image":[{"url":"https:\/\/www.vilellarecicla.com\/wp-content\/uploads\/sites\/4\/ico-compromis.svg","type":"","width":"","height":""}],"twitter_card":"summary_large_image","twitter_misc":{"Temps estimat de lectura":"3 minuts"},"schema":{"@context":"https:\/\/schema.org","@graph":[{"@type":"WebPage","@id":"https:\/\/www.vilellarecicla.com\/ca\/sobre-nosaltres\/valors\/","url":"https:\/\/www.vilellarecicla.com\/ca\/sobre-nosaltres\/valors\/","name":"Valors - Vilella Recicla","isPartOf":{"@id":"https:\/\/www.vilellarecicla.com\/ca\/#website"},"primaryImageOfPage":{"@id":"https:\/\/www.vilellarecicla.com\/ca\/sobre-nosaltres\/valors\/#primaryimage"},"image":{"@id":"https:\/\/www.vilellarecicla.com\/ca\/sobre-nosaltres\/valors\/#primaryimage"},"thumbnailUrl":"https:\/\/www.vilellarecicla.com\/wp-content\/uploads\/sites\/4\/ico-compromis.svg","datePublished":"2022-02-23T18:38:08+00:00","dateModified":"2022-04-22T12:59:18+00:00","breadcrumb":{"@id":"https:\/\/www.vilellarecicla.com\/ca\/sobre-nosaltres\/valors\/#breadcrumb"},"inLanguage":"ca","potentialAction":[{"@type":"ReadAction","target":["https:\/\/www.vilellarecicla.com\/ca\/sobre-nosaltres\/valors\/"]}]},{"@type":"ImageObject","inLanguage":"ca","@id":"https:\/\/www.vilellarecicla.com\/ca\/sobre-nosaltres\/valors\/#primaryimage","url":"https:\/\/www.vilellarecicla.com\/wp-content\/uploads\/sites\/4\/ico-compromis.svg","contentUrl":"https:\/\/www.vilellarecicla.com\/wp-content\/uploads\/sites\/4\/ico-compromis.svg"},{"@type":"BreadcrumbList","@id":"https:\/\/www.vilellarecicla.com\/ca\/sobre-nosaltres\/valors\/#breadcrumb","itemListElement":[{"@type":"ListItem","position":1,"name":"Inici","item":"https:\/\/www.vilellarecicla.com\/ca\/"},{"@type":"ListItem","position":2,"name":"Sobre nosaltres","item":"https:\/\/www.vilellarecicla.com\/ca\/sobre-nosaltres\/"},{"@type":"ListItem","position":3,"name":"Valors"}]},{"@type":"WebSite","@id":"https:\/\/www.vilellarecicla.com\/ca\/#website","url":"https:\/\/www.vilellarecicla.com\/ca\/","name":"Vilella Recicla","description":"Transformem residus en recursos","publisher":{"@id":"https:\/\/www.vilellarecicla.com\/ca\/#organization"},"potentialAction":[{"@type":"SearchAction","target":{"@type":"EntryPoint","urlTemplate":"https:\/\/www.vilellarecicla.com\/ca\/?s={search_term_string}"},"query-input":{"@type":"PropertyValueSpecification","valueRequired":true,"valueName":"search_term_string"}}],"inLanguage":"ca"},{"@type":"Organization","@id":"https:\/\/www.vilellarecicla.com\/ca\/#organization","name":"Vilella Recicla","url":"https:\/\/www.vilellarecicla.com\/ca\/","logo":{"@type":"ImageObject","inLanguage":"ca","@id":"https:\/\/www.vilellarecicla.com\/ca\/#\/schema\/logo\/image\/","url":"https:\/\/www.vilellarecicla.com\/ca\/wp-content\/uploads\/sites\/4\/logo-Vilella_horitzontal.svg","contentUrl":"https:\/\/www.vilellarecicla.com\/ca\/wp-content\/uploads\/sites\/4\/logo-Vilella_horitzontal.svg","width":777,"height":153,"caption":"Vilella Recicla"},"image":{"@id":"https:\/\/www.vilellarecicla.com\/ca\/#\/schema\/logo\/image\/"}}]}},"_links":{"self":[{"href":"https:\/\/www.vilellarecicla.com\/ca\/wp-json\/wp\/v2\/pages\/23","targetHints":{"allow":["GET"]}}],"collection":[{"href":"https:\/\/www.vilellarecicla.com\/ca\/wp-json\/wp\/v2\/pages"}],"about":[{"href":"https:\/\/www.vilellarecicla.com\/ca\/wp-json\/wp\/v2\/types\/page"}],"author":[{"embeddable":true,"href":"https:\/\/www.vilellarecicla.com\/ca\/wp-json\/wp\/v2\/users\/1"}],"replies":[{"embeddable":true,"href":"https:\/\/www.vilellarecicla.com\/ca\/wp-json\/wp\/v2\/comments?post=23"}],"version-history":[{"count":16,"href":"https:\/\/www.vilellarecicla.com\/ca\/wp-json\/wp\/v2\/pages\/23\/revisions"}],"predecessor-version":[{"id":697,"href":"https:\/\/www.vilellarecicla.com\/ca\/wp-json\/wp\/v2\/pages\/23\/revisions\/697"}],"up":[{"embeddable":true,"href":"https:\/\/www.vilellarecicla.com\/ca\/wp-json\/wp\/v2\/pages\/18"}],"wp:attachment":[{"href":"https:\/\/www.vilellarecicla.com\/ca\/wp-json\/wp\/v2\/media?parent=23"}],"curies":[{"name":"wp","href":"https:\/\/api.w.org\/{rel}","templated":true}]}}