{"id":25,"date":"2022-02-23T19:38:18","date_gmt":"2022-02-23T18:38:18","guid":{"rendered":"https:\/\/www.vilellarecicla.com\/?page_id=25"},"modified":"2022-04-22T15:00:27","modified_gmt":"2022-04-22T13:00:27","slug":"economia-circular","status":"publish","type":"page","link":"https:\/\/www.vilellarecicla.com\/ca\/sobre-nosaltres\/economia-circular\/","title":{"rendered":"Economia circular"},"content":{"rendered":"\t\t<div data-elementor-type=\"wp-page\" data-elementor-id=\"25\" class=\"elementor elementor-25\" data-elementor-post-type=\"page\">\n\t\t\t\t\t\t<section class=\"elementor-section elementor-top-section elementor-element elementor-element-f774a08 elementor-section-full_width elementor-section-height-default elementor-section-height-default\" data-id=\"f774a08\" data-element_type=\"section\">\n\t\t\t\t\t\t<div class=\"elementor-container elementor-column-gap-default\">\n\t\t\t\t\t<div class=\"elementor-column elementor-col-100 elementor-top-column elementor-element elementor-element-7cf7fdd\" data-id=\"7cf7fdd\" data-element_type=\"column\">\n\t\t\t<div class=\"elementor-widget-wrap elementor-element-populated\">\n\t\t\t\t\t\t<div class=\"elementor-element elementor-element-2b89b04 elementor--v-position-bottom elementor--h-position-center elementor-arrows-position-inside elementor-pagination-position-inside elementor-widget elementor-widget-slides\" data-id=\"2b89b04\" data-element_type=\"widget\" data-settings=\"{&quot;transition&quot;:&quot;fade&quot;,&quot;navigation&quot;:&quot;both&quot;,&quot;autoplay&quot;:&quot;yes&quot;,&quot;pause_on_hover&quot;:&quot;yes&quot;,&quot;pause_on_interaction&quot;:&quot;yes&quot;,&quot;autoplay_speed&quot;:5000,&quot;infinite&quot;:&quot;yes&quot;,&quot;transition_speed&quot;:500}\" data-widget_type=\"slides.default\">\n\t\t\t\t<div class=\"elementor-widget-container\">\n\t\t\t\t\t\t\t\t\t<div class=\"elementor-swiper\">\n\t\t\t\t\t<div class=\"elementor-slides-wrapper elementor-main-swiper swiper\" role=\"region\" aria-roledescription=\"carousel\" aria-label=\"Diapositives\" dir=\"ltr\" data-animation=\"fadeInUp\">\n\t\t\t\t<div class=\"swiper-wrapper elementor-slides\">\n\t\t\t\t\t\t\t\t\t\t<div class=\"elementor-repeater-item-c73533d swiper-slide\" role=\"group\" aria-roledescription=\"slide\"><div class=\"swiper-slide-bg\" role=\"img\"><\/div><div class=\"elementor-background-overlay\"><\/div><div class=\"swiper-slide-inner\" ><div class=\"swiper-slide-contents\"><div class=\"elementor-slide-heading\">EL NOSTRE OBJECTIU, <br>L\u2019ECONOMIA CIRCULAR<\/div><\/div><\/div><\/div>\t\t\t\t<\/div>\n\t\t\t\t\t\t\t<\/div>\n\t\t\t\t<\/div>\n\t\t\t\t\t\t\t\t<\/div>\n\t\t\t\t<\/div>\n\t\t\t\t<div class=\"elementor-element elementor-element-9f89537 elementor-hidden-desktop elementor-hidden-tablet elementor-hidden-mobile elementor-widget elementor-widget-heading\" data-id=\"9f89537\" data-element_type=\"widget\" data-widget_type=\"heading.default\">\n\t\t\t\t<div class=\"elementor-widget-container\">\n\t\t\t\t\t<h1 class=\"elementor-heading-title elementor-size-default\">Economia circular<\/h1>\t\t\t\t<\/div>\n\t\t\t\t<\/div>\n\t\t\t\t\t<\/div>\n\t\t<\/div>\n\t\t\t\t\t<\/div>\n\t\t<\/section>\n\t\t\t\t<section class=\"elementor-section elementor-top-section elementor-element elementor-element-f5a2477 elementor-section-boxed elementor-section-height-default elementor-section-height-default\" data-id=\"f5a2477\" data-element_type=\"section\">\n\t\t\t\t\t\t<div class=\"elementor-container elementor-column-gap-default\">\n\t\t\t\t\t<div class=\"elementor-column elementor-col-100 elementor-top-column elementor-element elementor-element-4a9406e\" data-id=\"4a9406e\" data-element_type=\"column\">\n\t\t\t<div class=\"elementor-widget-wrap elementor-element-populated\">\n\t\t\t\t\t\t<div class=\"elementor-element elementor-element-168e755 elementor-widget elementor-widget-text-editor\" data-id=\"168e755\" data-element_type=\"widget\" data-widget_type=\"text-editor.default\">\n\t\t\t\t<div class=\"elementor-widget-container\">\n\t\t\t\t\t\t\t\t\t<p><b>L&#8217;economia circular busca un nou model de producci\u00f3 i consum de b\u00e9ns i serveis lligat a la sostenibilitat.<\/b> Centrem el nostre esfor\u00e7 a posar en pr\u00e0ctica l&#8217;expressi\u00f3 <b>\u201cres es perd, tot es transforma\u201d<\/b> ja que considerem els residus com a primeres mat\u00e8ries secund\u00e0ries, la qual cosa ens permet tancar el cercle de vida dels residus, integrar-los de nou al cicle productiu, aportar solucions efectives en la gesti\u00f3 de residus i innovar en els processos de tractament per facilitar-ne el reciclatge i la revaloritzaci\u00f3.<\/p>\t\t\t\t\t\t\t\t<\/div>\n\t\t\t\t<\/div>\n\t\t\t\t\t<\/div>\n\t\t<\/div>\n\t\t\t\t\t<\/div>\n\t\t<\/section>\n\t\t\t\t<section class=\"elementor-section elementor-top-section elementor-element elementor-element-b9dd050 elementor-section-boxed elementor-section-height-default elementor-section-height-default\" data-id=\"b9dd050\" data-element_type=\"section\">\n\t\t\t\t\t\t<div class=\"elementor-container elementor-column-gap-default\">\n\t\t\t\t\t<div class=\"elementor-column elementor-col-100 elementor-top-column elementor-element elementor-element-1b5ec06\" data-id=\"1b5ec06\" data-element_type=\"column\">\n\t\t\t<div class=\"elementor-widget-wrap elementor-element-populated\">\n\t\t\t\t\t\t<div class=\"elementor-element elementor-element-16eb8af elementor-widget elementor-widget-image\" data-id=\"16eb8af\" data-element_type=\"widget\" data-widget_type=\"image.default\">\n\t\t\t\t<div class=\"elementor-widget-container\">\n\t\t\t\t\t\t\t\t\t\t\t\t\t\t\t<img fetchpriority=\"high\" decoding=\"async\" width=\"1884\" height=\"1513\" src=\"https:\/\/www.vilellarecicla.com\/ca\/wp-content\/uploads\/sites\/4\/economica-circular.png\" class=\"attachment-full size-full wp-image-448\" alt=\"\" srcset=\"https:\/\/www.vilellarecicla.com\/ca\/wp-content\/uploads\/sites\/4\/economica-circular.png 1884w, https:\/\/www.vilellarecicla.com\/ca\/wp-content\/uploads\/sites\/4\/economica-circular-300x241.png 300w, https:\/\/www.vilellarecicla.com\/ca\/wp-content\/uploads\/sites\/4\/economica-circular-1024x822.png 1024w, https:\/\/www.vilellarecicla.com\/ca\/wp-content\/uploads\/sites\/4\/economica-circular-768x617.png 768w, https:\/\/www.vilellarecicla.com\/ca\/wp-content\/uploads\/sites\/4\/economica-circular-1536x1234.png 1536w\" sizes=\"(max-width: 1884px) 100vw, 1884px\" \/>\t\t\t\t\t\t\t\t\t\t\t\t\t\t\t<\/div>\n\t\t\t\t<\/div>\n\t\t\t\t\t<\/div>\n\t\t<\/div>\n\t\t\t\t\t<\/div>\n\t\t<\/section>\n\t\t\t\t<\/div>\n\t\t","protected":false},"excerpt":{"rendered":"<p>EL NOSTRE OBJECTIU, L\u2019ECONOMIA CIRCULAR L&#8217;economia circular busca un nou model de producci\u00f3 i consum de b\u00e9ns i serveis lligat a la sostenibilitat. Centrem el nostre esfor\u00e7 a posar en pr\u00e0ctica l&#8217;expressi\u00f3 \u201cres es perd, tot es transforma\u201d ja que considerem els residus com a primeres mat\u00e8ries secund\u00e0ries, la qual cosa ens permet tancar el [&hellip;]<\/p>\n","protected":false},"author":1,"featured_media":0,"parent":18,"menu_order":0,"comment_status":"closed","ping_status":"closed","template":"","meta":{"footnotes":""},"class_list":["post-25","page","type-page","status-publish","hentry"],"yoast_head":"<!-- This site is optimized with the Yoast SEO plugin v27.4 - https:\/\/yoast.com\/product\/yoast-seo-wordpress\/ -->\n<title>Economia circular - Vilella Recicla<\/title>\n<meta name=\"robots\" content=\"index, follow, max-snippet:-1, max-image-preview:large, max-video-preview:-1\" \/>\n<link rel=\"canonical\" href=\"https:\/\/www.vilellarecicla.com\/ca\/sobre-nosaltres\/economia-circular\/\" \/>\n<meta property=\"og:locale\" content=\"ca_ES\" \/>\n<meta property=\"og:type\" content=\"article\" \/>\n<meta property=\"og:title\" content=\"Economia circular - Vilella Recicla\" \/>\n<meta property=\"og:description\" content=\"EL NOSTRE OBJECTIU, L\u2019ECONOMIA CIRCULAR L&#8217;economia circular busca un nou model de producci\u00f3 i consum de b\u00e9ns i serveis lligat a la sostenibilitat. Centrem el nostre esfor\u00e7 a posar en pr\u00e0ctica l&#8217;expressi\u00f3 \u201cres es perd, tot es transforma\u201d ja que considerem els residus com a primeres mat\u00e8ries secund\u00e0ries, la qual cosa ens permet tancar el [&hellip;]\" \/>\n<meta property=\"og:url\" content=\"https:\/\/www.vilellarecicla.com\/ca\/sobre-nosaltres\/economia-circular\/\" \/>\n<meta property=\"og:site_name\" content=\"Vilella Recicla\" \/>\n<meta property=\"article:modified_time\" content=\"2022-04-22T13:00:27+00:00\" \/>\n<meta property=\"og:image\" content=\"https:\/\/www.vilellarecicla.com\/wp-content\/uploads\/sites\/4\/economica-circular.png\" \/>\n<meta name=\"twitter:card\" content=\"summary_large_image\" \/>\n<meta name=\"twitter:label1\" content=\"Temps estimat de lectura\" \/>\n\t<meta name=\"twitter:data1\" content=\"1 minut\" \/>\n<script type=\"application\/ld+json\" class=\"yoast-schema-graph\">{\"@context\":\"https:\\\/\\\/schema.org\",\"@graph\":[{\"@type\":\"WebPage\",\"@id\":\"https:\\\/\\\/www.vilellarecicla.com\\\/ca\\\/sobre-nosaltres\\\/economia-circular\\\/\",\"url\":\"https:\\\/\\\/www.vilellarecicla.com\\\/ca\\\/sobre-nosaltres\\\/economia-circular\\\/\",\"name\":\"Economia circular - Vilella Recicla\",\"isPartOf\":{\"@id\":\"https:\\\/\\\/www.vilellarecicla.com\\\/ca\\\/#website\"},\"primaryImageOfPage\":{\"@id\":\"https:\\\/\\\/www.vilellarecicla.com\\\/ca\\\/sobre-nosaltres\\\/economia-circular\\\/#primaryimage\"},\"image\":{\"@id\":\"https:\\\/\\\/www.vilellarecicla.com\\\/ca\\\/sobre-nosaltres\\\/economia-circular\\\/#primaryimage\"},\"thumbnailUrl\":\"https:\\\/\\\/www.vilellarecicla.com\\\/wp-content\\\/uploads\\\/sites\\\/4\\\/economica-circular.png\",\"datePublished\":\"2022-02-23T18:38:18+00:00\",\"dateModified\":\"2022-04-22T13:00:27+00:00\",\"breadcrumb\":{\"@id\":\"https:\\\/\\\/www.vilellarecicla.com\\\/ca\\\/sobre-nosaltres\\\/economia-circular\\\/#breadcrumb\"},\"inLanguage\":\"ca\",\"potentialAction\":[{\"@type\":\"ReadAction\",\"target\":[\"https:\\\/\\\/www.vilellarecicla.com\\\/ca\\\/sobre-nosaltres\\\/economia-circular\\\/\"]}]},{\"@type\":\"ImageObject\",\"inLanguage\":\"ca\",\"@id\":\"https:\\\/\\\/www.vilellarecicla.com\\\/ca\\\/sobre-nosaltres\\\/economia-circular\\\/#primaryimage\",\"url\":\"https:\\\/\\\/www.vilellarecicla.com\\\/wp-content\\\/uploads\\\/sites\\\/4\\\/economica-circular.png\",\"contentUrl\":\"https:\\\/\\\/www.vilellarecicla.com\\\/wp-content\\\/uploads\\\/sites\\\/4\\\/economica-circular.png\"},{\"@type\":\"BreadcrumbList\",\"@id\":\"https:\\\/\\\/www.vilellarecicla.com\\\/ca\\\/sobre-nosaltres\\\/economia-circular\\\/#breadcrumb\",\"itemListElement\":[{\"@type\":\"ListItem\",\"position\":1,\"name\":\"Inici\",\"item\":\"https:\\\/\\\/www.vilellarecicla.com\\\/ca\\\/\"},{\"@type\":\"ListItem\",\"position\":2,\"name\":\"Sobre nosaltres\",\"item\":\"https:\\\/\\\/www.vilellarecicla.com\\\/ca\\\/sobre-nosaltres\\\/\"},{\"@type\":\"ListItem\",\"position\":3,\"name\":\"Economia circular\"}]},{\"@type\":\"WebSite\",\"@id\":\"https:\\\/\\\/www.vilellarecicla.com\\\/ca\\\/#website\",\"url\":\"https:\\\/\\\/www.vilellarecicla.com\\\/ca\\\/\",\"name\":\"Vilella Recicla\",\"description\":\"Transformem residus en recursos\",\"publisher\":{\"@id\":\"https:\\\/\\\/www.vilellarecicla.com\\\/ca\\\/#organization\"},\"potentialAction\":[{\"@type\":\"SearchAction\",\"target\":{\"@type\":\"EntryPoint\",\"urlTemplate\":\"https:\\\/\\\/www.vilellarecicla.com\\\/ca\\\/?s={search_term_string}\"},\"query-input\":{\"@type\":\"PropertyValueSpecification\",\"valueRequired\":true,\"valueName\":\"search_term_string\"}}],\"inLanguage\":\"ca\"},{\"@type\":\"Organization\",\"@id\":\"https:\\\/\\\/www.vilellarecicla.com\\\/ca\\\/#organization\",\"name\":\"Vilella Recicla\",\"url\":\"https:\\\/\\\/www.vilellarecicla.com\\\/ca\\\/\",\"logo\":{\"@type\":\"ImageObject\",\"inLanguage\":\"ca\",\"@id\":\"https:\\\/\\\/www.vilellarecicla.com\\\/ca\\\/#\\\/schema\\\/logo\\\/image\\\/\",\"url\":\"https:\\\/\\\/www.vilellarecicla.com\\\/ca\\\/wp-content\\\/uploads\\\/sites\\\/4\\\/logo-Vilella_horitzontal.svg\",\"contentUrl\":\"https:\\\/\\\/www.vilellarecicla.com\\\/ca\\\/wp-content\\\/uploads\\\/sites\\\/4\\\/logo-Vilella_horitzontal.svg\",\"width\":777,\"height\":153,\"caption\":\"Vilella Recicla\"},\"image\":{\"@id\":\"https:\\\/\\\/www.vilellarecicla.com\\\/ca\\\/#\\\/schema\\\/logo\\\/image\\\/\"}}]}<\/script>\n<!-- \/ Yoast SEO plugin. -->","yoast_head_json":{"title":"Economia circular - Vilella Recicla","robots":{"index":"index","follow":"follow","max-snippet":"max-snippet:-1","max-image-preview":"max-image-preview:large","max-video-preview":"max-video-preview:-1"},"canonical":"https:\/\/www.vilellarecicla.com\/ca\/sobre-nosaltres\/economia-circular\/","og_locale":"ca_ES","og_type":"article","og_title":"Economia circular - Vilella Recicla","og_description":"EL NOSTRE OBJECTIU, L\u2019ECONOMIA CIRCULAR L&#8217;economia circular busca un nou model de producci\u00f3 i consum de b\u00e9ns i serveis lligat a la sostenibilitat. Centrem el nostre esfor\u00e7 a posar en pr\u00e0ctica l&#8217;expressi\u00f3 \u201cres es perd, tot es transforma\u201d ja que considerem els residus com a primeres mat\u00e8ries secund\u00e0ries, la qual cosa ens permet tancar el [&hellip;]","og_url":"https:\/\/www.vilellarecicla.com\/ca\/sobre-nosaltres\/economia-circular\/","og_site_name":"Vilella Recicla","article_modified_time":"2022-04-22T13:00:27+00:00","og_image":[{"url":"https:\/\/www.vilellarecicla.com\/wp-content\/uploads\/sites\/4\/economica-circular.png","type":"","width":"","height":""}],"twitter_card":"summary_large_image","twitter_misc":{"Temps estimat de lectura":"1 minut"},"schema":{"@context":"https:\/\/schema.org","@graph":[{"@type":"WebPage","@id":"https:\/\/www.vilellarecicla.com\/ca\/sobre-nosaltres\/economia-circular\/","url":"https:\/\/www.vilellarecicla.com\/ca\/sobre-nosaltres\/economia-circular\/","name":"Economia circular - Vilella Recicla","isPartOf":{"@id":"https:\/\/www.vilellarecicla.com\/ca\/#website"},"primaryImageOfPage":{"@id":"https:\/\/www.vilellarecicla.com\/ca\/sobre-nosaltres\/economia-circular\/#primaryimage"},"image":{"@id":"https:\/\/www.vilellarecicla.com\/ca\/sobre-nosaltres\/economia-circular\/#primaryimage"},"thumbnailUrl":"https:\/\/www.vilellarecicla.com\/wp-content\/uploads\/sites\/4\/economica-circular.png","datePublished":"2022-02-23T18:38:18+00:00","dateModified":"2022-04-22T13:00:27+00:00","breadcrumb":{"@id":"https:\/\/www.vilellarecicla.com\/ca\/sobre-nosaltres\/economia-circular\/#breadcrumb"},"inLanguage":"ca","potentialAction":[{"@type":"ReadAction","target":["https:\/\/www.vilellarecicla.com\/ca\/sobre-nosaltres\/economia-circular\/"]}]},{"@type":"ImageObject","inLanguage":"ca","@id":"https:\/\/www.vilellarecicla.com\/ca\/sobre-nosaltres\/economia-circular\/#primaryimage","url":"https:\/\/www.vilellarecicla.com\/wp-content\/uploads\/sites\/4\/economica-circular.png","contentUrl":"https:\/\/www.vilellarecicla.com\/wp-content\/uploads\/sites\/4\/economica-circular.png"},{"@type":"BreadcrumbList","@id":"https:\/\/www.vilellarecicla.com\/ca\/sobre-nosaltres\/economia-circular\/#breadcrumb","itemListElement":[{"@type":"ListItem","position":1,"name":"Inici","item":"https:\/\/www.vilellarecicla.com\/ca\/"},{"@type":"ListItem","position":2,"name":"Sobre nosaltres","item":"https:\/\/www.vilellarecicla.com\/ca\/sobre-nosaltres\/"},{"@type":"ListItem","position":3,"name":"Economia circular"}]},{"@type":"WebSite","@id":"https:\/\/www.vilellarecicla.com\/ca\/#website","url":"https:\/\/www.vilellarecicla.com\/ca\/","name":"Vilella Recicla","description":"Transformem residus en recursos","publisher":{"@id":"https:\/\/www.vilellarecicla.com\/ca\/#organization"},"potentialAction":[{"@type":"SearchAction","target":{"@type":"EntryPoint","urlTemplate":"https:\/\/www.vilellarecicla.com\/ca\/?s={search_term_string}"},"query-input":{"@type":"PropertyValueSpecification","valueRequired":true,"valueName":"search_term_string"}}],"inLanguage":"ca"},{"@type":"Organization","@id":"https:\/\/www.vilellarecicla.com\/ca\/#organization","name":"Vilella Recicla","url":"https:\/\/www.vilellarecicla.com\/ca\/","logo":{"@type":"ImageObject","inLanguage":"ca","@id":"https:\/\/www.vilellarecicla.com\/ca\/#\/schema\/logo\/image\/","url":"https:\/\/www.vilellarecicla.com\/ca\/wp-content\/uploads\/sites\/4\/logo-Vilella_horitzontal.svg","contentUrl":"https:\/\/www.vilellarecicla.com\/ca\/wp-content\/uploads\/sites\/4\/logo-Vilella_horitzontal.svg","width":777,"height":153,"caption":"Vilella Recicla"},"image":{"@id":"https:\/\/www.vilellarecicla.com\/ca\/#\/schema\/logo\/image\/"}}]}},"_links":{"self":[{"href":"https:\/\/www.vilellarecicla.com\/ca\/wp-json\/wp\/v2\/pages\/25","targetHints":{"allow":["GET"]}}],"collection":[{"href":"https:\/\/www.vilellarecicla.com\/ca\/wp-json\/wp\/v2\/pages"}],"about":[{"href":"https:\/\/www.vilellarecicla.com\/ca\/wp-json\/wp\/v2\/types\/page"}],"author":[{"embeddable":true,"href":"https:\/\/www.vilellarecicla.com\/ca\/wp-json\/wp\/v2\/users\/1"}],"replies":[{"embeddable":true,"href":"https:\/\/www.vilellarecicla.com\/ca\/wp-json\/wp\/v2\/comments?post=25"}],"version-history":[{"count":16,"href":"https:\/\/www.vilellarecicla.com\/ca\/wp-json\/wp\/v2\/pages\/25\/revisions"}],"predecessor-version":[{"id":700,"href":"https:\/\/www.vilellarecicla.com\/ca\/wp-json\/wp\/v2\/pages\/25\/revisions\/700"}],"up":[{"embeddable":true,"href":"https:\/\/www.vilellarecicla.com\/ca\/wp-json\/wp\/v2\/pages\/18"}],"wp:attachment":[{"href":"https:\/\/www.vilellarecicla.com\/ca\/wp-json\/wp\/v2\/media?parent=25"}],"curies":[{"name":"wp","href":"https:\/\/api.w.org\/{rel}","templated":true}]}}