{"id":639,"date":"2022-03-18T08:40:08","date_gmt":"2022-03-18T07:40:08","guid":{"rendered":"https:\/\/www.vilellarecicla.com\/?page_id=639"},"modified":"2022-03-18T08:43:08","modified_gmt":"2022-03-18T07:43:08","slug":"noticies","status":"publish","type":"page","link":"https:\/\/www.vilellarecicla.com\/ca\/noticies\/","title":{"rendered":"Not\u00edcies"},"content":{"rendered":"\t\t<div data-elementor-type=\"wp-page\" data-elementor-id=\"639\" class=\"elementor elementor-639\" data-elementor-post-type=\"page\">\n\t\t\t\t\t\t<section class=\"elementor-section elementor-top-section elementor-element elementor-element-b60043e elementor-section-full_width elementor-section-height-default elementor-section-height-default\" data-id=\"b60043e\" data-element_type=\"section\">\n\t\t\t\t\t\t<div class=\"elementor-container elementor-column-gap-default\">\n\t\t\t\t\t<div class=\"elementor-column elementor-col-100 elementor-top-column elementor-element elementor-element-168a0ab\" data-id=\"168a0ab\" data-element_type=\"column\">\n\t\t\t<div class=\"elementor-widget-wrap elementor-element-populated\">\n\t\t\t\t\t\t<div class=\"elementor-element elementor-element-88d3c4b elementor--v-position-bottom elementor--h-position-center elementor-arrows-position-inside elementor-pagination-position-inside elementor-widget elementor-widget-slides\" data-id=\"88d3c4b\" data-element_type=\"widget\" data-settings=\"{&quot;transition&quot;:&quot;fade&quot;,&quot;navigation&quot;:&quot;both&quot;,&quot;autoplay&quot;:&quot;yes&quot;,&quot;pause_on_hover&quot;:&quot;yes&quot;,&quot;pause_on_interaction&quot;:&quot;yes&quot;,&quot;autoplay_speed&quot;:5000,&quot;infinite&quot;:&quot;yes&quot;,&quot;transition_speed&quot;:500}\" data-widget_type=\"slides.default\">\n\t\t\t\t<div class=\"elementor-widget-container\">\n\t\t\t\t\t\t\t\t\t<div class=\"elementor-swiper\">\n\t\t\t\t\t<div class=\"elementor-slides-wrapper elementor-main-swiper swiper\" role=\"region\" aria-roledescription=\"carousel\" aria-label=\"Diapositives\" dir=\"ltr\" data-animation=\"fadeInUp\">\n\t\t\t\t<div class=\"swiper-wrapper elementor-slides\">\n\t\t\t\t\t\t\t\t\t\t<div class=\"elementor-repeater-item-c73533d swiper-slide\" role=\"group\" aria-roledescription=\"slide\"><div class=\"swiper-slide-bg\" role=\"img\"><\/div><div class=\"swiper-slide-inner\" ><div class=\"swiper-slide-contents\"><div class=\"elementor-slide-heading\">Not\u00edcies<\/div><\/div><\/div><\/div>\t\t\t\t<\/div>\n\t\t\t\t\t\t\t<\/div>\n\t\t\t\t<\/div>\n\t\t\t\t\t\t\t\t<\/div>\n\t\t\t\t<\/div>\n\t\t\t\t<div class=\"elementor-element elementor-element-15eb96f elementor-hidden-desktop elementor-hidden-tablet elementor-hidden-mobile elementor-widget elementor-widget-heading\" data-id=\"15eb96f\" data-element_type=\"widget\" data-widget_type=\"heading.default\">\n\t\t\t\t<div class=\"elementor-widget-container\">\n\t\t\t\t\t<h1 class=\"elementor-heading-title elementor-size-default\">Not\u00edcies<\/h1>\t\t\t\t<\/div>\n\t\t\t\t<\/div>\n\t\t\t\t\t<\/div>\n\t\t<\/div>\n\t\t\t\t\t<\/div>\n\t\t<\/section>\n\t\t\t\t<section class=\"elementor-section elementor-top-section elementor-element elementor-element-495f99d elementor-section-boxed elementor-section-height-default elementor-section-height-default\" data-id=\"495f99d\" data-element_type=\"section\">\n\t\t\t\t\t\t<div class=\"elementor-container elementor-column-gap-default\">\n\t\t\t\t\t<div class=\"elementor-column elementor-col-100 elementor-top-column elementor-element elementor-element-f88e3dc\" data-id=\"f88e3dc\" data-element_type=\"column\">\n\t\t\t<div class=\"elementor-widget-wrap elementor-element-populated\">\n\t\t\t\t\t\t<div class=\"elementor-element elementor-element-5ce3909 elementor-posts--align-left elementor-grid-3 elementor-grid-tablet-2 elementor-grid-mobile-1 elementor-posts--thumbnail-top elementor-card-shadow-yes elementor-posts__hover-gradient elementor-widget elementor-widget-posts\" data-id=\"5ce3909\" data-element_type=\"widget\" data-settings=\"{&quot;cards_row_gap&quot;:{&quot;unit&quot;:&quot;px&quot;,&quot;size&quot;:37,&quot;sizes&quot;:[]},&quot;cards_columns&quot;:&quot;3&quot;,&quot;cards_columns_tablet&quot;:&quot;2&quot;,&quot;cards_columns_mobile&quot;:&quot;1&quot;,&quot;cards_row_gap_tablet&quot;:{&quot;unit&quot;:&quot;px&quot;,&quot;size&quot;:&quot;&quot;,&quot;sizes&quot;:[]},&quot;cards_row_gap_mobile&quot;:{&quot;unit&quot;:&quot;px&quot;,&quot;size&quot;:&quot;&quot;,&quot;sizes&quot;:[]}}\" data-widget_type=\"posts.cards\">\n\t\t\t\t<div class=\"elementor-widget-container\">\n\t\t\t\t\t\t\t<div class=\"elementor-posts-container elementor-posts elementor-posts--skin-cards elementor-grid\">\n\t\t\t\t<article class=\"elementor-post elementor-grid-item post-818 post type-post status-publish format-standard has-post-thumbnail hentry category-actualitat\">\n\t\t\t<div class=\"elementor-post__card\">\n\t\t\t\t<a class=\"elementor-post__thumbnail__link\" href=\"https:\/\/www.vilellarecicla.com\/ca\/desmuntatge-de-residus-ferrics-voluminosos\/\" tabindex=\"-1\" ><div class=\"elementor-post__thumbnail\"><img fetchpriority=\"high\" decoding=\"async\" width=\"600\" height=\"451\" src=\"https:\/\/www.vilellarecicla.com\/ca\/wp-content\/uploads\/sites\/4\/desmuntatge.jpg\" class=\"attachment-medium_large size-medium_large wp-image-819\" alt=\"\" srcset=\"https:\/\/www.vilellarecicla.com\/ca\/wp-content\/uploads\/sites\/4\/desmuntatge.jpg 600w, https:\/\/www.vilellarecicla.com\/ca\/wp-content\/uploads\/sites\/4\/desmuntatge-300x226.jpg 300w\" sizes=\"(max-width: 600px) 100vw, 600px\" \/><\/div><\/a>\n\t\t\t\t<div class=\"elementor-post__badge\">Actualitat<\/div>\n\t\t\t\t<div class=\"elementor-post__text\">\n\t\t\t\t<h3 class=\"elementor-post__title\">\n\t\t\t<a href=\"https:\/\/www.vilellarecicla.com\/ca\/desmuntatge-de-residus-ferrics-voluminosos\/\" >\n\t\t\t\tDesmuntatge de residus f\u00e8rrics voluminosos\t\t\t<\/a>\n\t\t<\/h3>\n\t\t\t\t<div class=\"elementor-post__excerpt\">\n\t\t\t<p>Ens desplacem amb la nostra maquin\u00e0ria al lloc que calgui per realitzar el desmuntatge, desballestament i la recollida dels materials valoritzables per al seu reciclatge<\/p>\n\t\t<\/div>\n\t\t\n\t\t<a class=\"elementor-post__read-more\" href=\"https:\/\/www.vilellarecicla.com\/ca\/desmuntatge-de-residus-ferrics-voluminosos\/\" aria-label=\"Read more about Desmuntatge de residus f\u00e8rrics voluminosos\" tabindex=\"-1\" >\n\t\t\t Llegir m\u00e9s \u00bb\t\t<\/a>\n\n\t\t\t\t<\/div>\n\t\t\t\t<div class=\"elementor-post__meta-data\">\n\t\t\t\t\t<span class=\"elementor-post-date\">\n\t\t\t19\/06\/2024\t\t<\/span>\n\t\t\t\t<\/div>\n\t\t\t\t\t<\/div>\n\t\t<\/article>\n\t\t\t\t<article class=\"elementor-post elementor-grid-item post-809 post type-post status-publish format-standard has-post-thumbnail hentry category-actualitat\">\n\t\t\t<div class=\"elementor-post__card\">\n\t\t\t\t<a class=\"elementor-post__thumbnail__link\" href=\"https:\/\/www.vilellarecicla.com\/ca\/la-planta-de-cdr-en-funcionament\/\" tabindex=\"-1\" ><div class=\"elementor-post__thumbnail\"><img decoding=\"async\" width=\"768\" height=\"449\" src=\"https:\/\/www.vilellarecicla.com\/ca\/wp-content\/uploads\/sites\/4\/plantacdr-768x449.jpg\" class=\"attachment-medium_large size-medium_large wp-image-810\" alt=\"\" srcset=\"https:\/\/www.vilellarecicla.com\/ca\/wp-content\/uploads\/sites\/4\/plantacdr-768x449.jpg 768w, https:\/\/www.vilellarecicla.com\/ca\/wp-content\/uploads\/sites\/4\/plantacdr-300x175.jpg 300w, https:\/\/www.vilellarecicla.com\/ca\/wp-content\/uploads\/sites\/4\/plantacdr.jpg 1000w\" sizes=\"(max-width: 768px) 100vw, 768px\" \/><\/div><\/a>\n\t\t\t\t<div class=\"elementor-post__badge\">Actualitat<\/div>\n\t\t\t\t<div class=\"elementor-post__text\">\n\t\t\t\t<h3 class=\"elementor-post__title\">\n\t\t\t<a href=\"https:\/\/www.vilellarecicla.com\/ca\/la-planta-de-cdr-en-funcionament\/\" >\n\t\t\t\tEn funcionament la planta de valoritzaci\u00f3 de matalassos i p\u00falper de paperera\t\t\t<\/a>\n\t\t<\/h3>\n\t\t\t\t<div class=\"elementor-post__excerpt\">\n\t\t\t<p>Al novembre 2021 l&#8217;Ag\u00e8ncia de Residus de Catalunya ens va otorgar una subvenci\u00f3 per poder modificar part de la nostra planta de cdr, amb la<\/p>\n\t\t<\/div>\n\t\t\n\t\t<a class=\"elementor-post__read-more\" href=\"https:\/\/www.vilellarecicla.com\/ca\/la-planta-de-cdr-en-funcionament\/\" aria-label=\"Read more about En funcionament la planta de valoritzaci\u00f3 de matalassos i p\u00falper de paperera\" tabindex=\"-1\" >\n\t\t\t Llegir m\u00e9s \u00bb\t\t<\/a>\n\n\t\t\t\t<\/div>\n\t\t\t\t<div class=\"elementor-post__meta-data\">\n\t\t\t\t\t<span class=\"elementor-post-date\">\n\t\t\t11\/03\/2024\t\t<\/span>\n\t\t\t\t<\/div>\n\t\t\t\t\t<\/div>\n\t\t<\/article>\n\t\t\t\t<article class=\"elementor-post elementor-grid-item post-802 post type-post status-publish format-standard has-post-thumbnail hentry category-actualitat\">\n\t\t\t<div class=\"elementor-post__card\">\n\t\t\t\t<a class=\"elementor-post__thumbnail__link\" href=\"https:\/\/www.vilellarecicla.com\/ca\/visita-del-director-de-lagencia-de-residus-de-catalunya\/\" tabindex=\"-1\" ><div class=\"elementor-post__thumbnail\"><img decoding=\"async\" width=\"768\" height=\"576\" src=\"https:\/\/www.vilellarecicla.com\/ca\/wp-content\/uploads\/sites\/4\/img-20240214-wa0006-768x576.jpg\" class=\"attachment-medium_large size-medium_large wp-image-803\" alt=\"\" srcset=\"https:\/\/www.vilellarecicla.com\/ca\/wp-content\/uploads\/sites\/4\/img-20240214-wa0006-768x576.jpg 768w, https:\/\/www.vilellarecicla.com\/ca\/wp-content\/uploads\/sites\/4\/img-20240214-wa0006-300x225.jpg 300w, https:\/\/www.vilellarecicla.com\/ca\/wp-content\/uploads\/sites\/4\/img-20240214-wa0006-1024x768.jpg 1024w, https:\/\/www.vilellarecicla.com\/ca\/wp-content\/uploads\/sites\/4\/img-20240214-wa0006-1536x1152.jpg 1536w, https:\/\/www.vilellarecicla.com\/ca\/wp-content\/uploads\/sites\/4\/img-20240214-wa0006.jpg 1600w\" sizes=\"(max-width: 768px) 100vw, 768px\" \/><\/div><\/a>\n\t\t\t\t<div class=\"elementor-post__badge\">Actualitat<\/div>\n\t\t\t\t<div class=\"elementor-post__text\">\n\t\t\t\t<h3 class=\"elementor-post__title\">\n\t\t\t<a href=\"https:\/\/www.vilellarecicla.com\/ca\/visita-del-director-de-lagencia-de-residus-de-catalunya\/\" >\n\t\t\t\tVisita del director de l&#8217;Ag\u00e8ncia de Residus de Catalunya\t\t\t<\/a>\n\t\t<\/h3>\n\t\t\t\t<div class=\"elementor-post__excerpt\">\n\t\t\t<p>El director de l\u2019Ag\u00e8ncia de Residus de Catalunya, Isaac Peraire, va visitar la nostra planta el passat dimecres 14 de febrer. Amb ell vam poder<\/p>\n\t\t<\/div>\n\t\t\n\t\t<a class=\"elementor-post__read-more\" href=\"https:\/\/www.vilellarecicla.com\/ca\/visita-del-director-de-lagencia-de-residus-de-catalunya\/\" aria-label=\"Read more about Visita del director de l&#8217;Ag\u00e8ncia de Residus de Catalunya\" tabindex=\"-1\" >\n\t\t\t Llegir m\u00e9s \u00bb\t\t<\/a>\n\n\t\t\t\t<\/div>\n\t\t\t\t<div class=\"elementor-post__meta-data\">\n\t\t\t\t\t<span class=\"elementor-post-date\">\n\t\t\t18\/02\/2024\t\t<\/span>\n\t\t\t\t<\/div>\n\t\t\t\t\t<\/div>\n\t\t<\/article>\n\t\t\t\t<article class=\"elementor-post elementor-grid-item post-790 post type-post status-publish format-standard has-post-thumbnail hentry category-actualitat\">\n\t\t\t<div class=\"elementor-post__card\">\n\t\t\t\t<a class=\"elementor-post__thumbnail__link\" href=\"https:\/\/www.vilellarecicla.com\/ca\/recollida-transport-i-gestio-de-residus-valoritzables-duna-nau\/\" tabindex=\"-1\" ><div class=\"elementor-post__thumbnail\"><img loading=\"lazy\" decoding=\"async\" width=\"768\" height=\"576\" src=\"https:\/\/www.vilellarecicla.com\/ca\/wp-content\/uploads\/sites\/4\/enderroc3-768x576.jpg\" class=\"attachment-medium_large size-medium_large wp-image-791\" alt=\"\" srcset=\"https:\/\/www.vilellarecicla.com\/ca\/wp-content\/uploads\/sites\/4\/enderroc3-768x576.jpg 768w, https:\/\/www.vilellarecicla.com\/ca\/wp-content\/uploads\/sites\/4\/enderroc3-300x225.jpg 300w, https:\/\/www.vilellarecicla.com\/ca\/wp-content\/uploads\/sites\/4\/enderroc3.jpg 1000w\" sizes=\"(max-width: 768px) 100vw, 768px\" \/><\/div><\/a>\n\t\t\t\t<div class=\"elementor-post__badge\">Actualitat<\/div>\n\t\t\t\t<div class=\"elementor-post__text\">\n\t\t\t\t<h3 class=\"elementor-post__title\">\n\t\t\t<a href=\"https:\/\/www.vilellarecicla.com\/ca\/recollida-transport-i-gestio-de-residus-valoritzables-duna-nau\/\" >\n\t\t\t\tRecollida, transport i gesti\u00f3 de residus d&#8217;una nau\t\t\t<\/a>\n\t\t<\/h3>\n\t\t\t\t<div class=\"elementor-post__excerpt\">\n\t\t\t<p>Desplacem la nostra maquin\u00e0ria al lloc perqu\u00e8 en el m\u00ednim temps possible els residus valoritzables estiguin recollits i transportats amb els nostres camions a la<\/p>\n\t\t<\/div>\n\t\t\n\t\t<a class=\"elementor-post__read-more\" href=\"https:\/\/www.vilellarecicla.com\/ca\/recollida-transport-i-gestio-de-residus-valoritzables-duna-nau\/\" aria-label=\"Read more about Recollida, transport i gesti\u00f3 de residus d&#8217;una nau\" tabindex=\"-1\" >\n\t\t\t Llegir m\u00e9s \u00bb\t\t<\/a>\n\n\t\t\t\t<\/div>\n\t\t\t\t<div class=\"elementor-post__meta-data\">\n\t\t\t\t\t<span class=\"elementor-post-date\">\n\t\t\t21\/11\/2023\t\t<\/span>\n\t\t\t\t<\/div>\n\t\t\t\t\t<\/div>\n\t\t<\/article>\n\t\t\t\t<article class=\"elementor-post elementor-grid-item post-787 post type-post status-publish format-standard has-post-thumbnail hentry category-actualitat\">\n\t\t\t<div class=\"elementor-post__card\">\n\t\t\t\t<a class=\"elementor-post__thumbnail__link\" href=\"https:\/\/www.vilellarecicla.com\/ca\/solucions-per-al-reciclatge-de-tot-tipus-de-residus\/\" tabindex=\"-1\" ><div class=\"elementor-post__thumbnail\"><img loading=\"lazy\" decoding=\"async\" width=\"768\" height=\"577\" src=\"https:\/\/www.vilellarecicla.com\/ca\/wp-content\/uploads\/sites\/4\/administracio-768x577.jpg\" class=\"attachment-medium_large size-medium_large wp-image-788\" alt=\"\" srcset=\"https:\/\/www.vilellarecicla.com\/ca\/wp-content\/uploads\/sites\/4\/administracio-768x577.jpg 768w, https:\/\/www.vilellarecicla.com\/ca\/wp-content\/uploads\/sites\/4\/administracio-300x225.jpg 300w, https:\/\/www.vilellarecicla.com\/ca\/wp-content\/uploads\/sites\/4\/administracio.jpg 1000w\" sizes=\"(max-width: 768px) 100vw, 768px\" \/><\/div><\/a>\n\t\t\t\t<div class=\"elementor-post__badge\">Actualitat<\/div>\n\t\t\t\t<div class=\"elementor-post__text\">\n\t\t\t\t<h3 class=\"elementor-post__title\">\n\t\t\t<a href=\"https:\/\/www.vilellarecicla.com\/ca\/solucions-per-al-reciclatge-de-tot-tipus-de-residus\/\" >\n\t\t\t\tSolucions per al reciclatge de tot tipus de residus\t\t\t<\/a>\n\t\t<\/h3>\n\t\t\t\t<div class=\"elementor-post__excerpt\">\n\t\t\t<p>A Vilella Recicla portem m\u00e9s de 80 anys compromesos amb el medi ambient i desenvolupant els processos de transformaci\u00f3 dels residus en recursos. Aix\u00ed aconseguim<\/p>\n\t\t<\/div>\n\t\t\n\t\t<a class=\"elementor-post__read-more\" href=\"https:\/\/www.vilellarecicla.com\/ca\/solucions-per-al-reciclatge-de-tot-tipus-de-residus\/\" aria-label=\"Read more about Solucions per al reciclatge de tot tipus de residus\" tabindex=\"-1\" >\n\t\t\t Llegir m\u00e9s \u00bb\t\t<\/a>\n\n\t\t\t\t<\/div>\n\t\t\t\t<div class=\"elementor-post__meta-data\">\n\t\t\t\t\t<span class=\"elementor-post-date\">\n\t\t\t21\/11\/2023\t\t<\/span>\n\t\t\t\t<\/div>\n\t\t\t\t\t<\/div>\n\t\t<\/article>\n\t\t\t\t<article class=\"elementor-post elementor-grid-item post-784 post type-post status-publish format-standard has-post-thumbnail hentry category-actualitat\">\n\t\t\t<div class=\"elementor-post__card\">\n\t\t\t\t<a class=\"elementor-post__thumbnail__link\" href=\"https:\/\/www.vilellarecicla.com\/ca\/signem-un-conveni-amb-el-gremi-dinstalladors-de-lleida\/\" tabindex=\"-1\" ><div class=\"elementor-post__thumbnail\"><img loading=\"lazy\" decoding=\"async\" width=\"768\" height=\"595\" src=\"https:\/\/www.vilellarecicla.com\/ca\/wp-content\/uploads\/sites\/4\/img-20230612-132124-768x595.jpg\" class=\"attachment-medium_large size-medium_large wp-image-785\" alt=\"\" srcset=\"https:\/\/www.vilellarecicla.com\/ca\/wp-content\/uploads\/sites\/4\/img-20230612-132124-768x595.jpg 768w, https:\/\/www.vilellarecicla.com\/ca\/wp-content\/uploads\/sites\/4\/img-20230612-132124-300x233.jpg 300w, https:\/\/www.vilellarecicla.com\/ca\/wp-content\/uploads\/sites\/4\/img-20230612-132124.jpg 1000w\" sizes=\"(max-width: 768px) 100vw, 768px\" \/><\/div><\/a>\n\t\t\t\t<div class=\"elementor-post__badge\">Actualitat<\/div>\n\t\t\t\t<div class=\"elementor-post__text\">\n\t\t\t\t<h3 class=\"elementor-post__title\">\n\t\t\t<a href=\"https:\/\/www.vilellarecicla.com\/ca\/signem-un-conveni-amb-el-gremi-dinstalladors-de-lleida\/\" >\n\t\t\t\tSignem un conveni amb el Gremi d&#8217;Instal\u00b7ladors de Lleida\t\t\t<\/a>\n\t\t<\/h3>\n\t\t\t\t<div class=\"elementor-post__excerpt\">\n\t\t\t<p>Els instal\u00b7ladors de Lleida que pertanyen al Gremi d\u2019Instal\u00b7ladors de Lleida ja disposen d\u2019unes condicions preferents en la gesti\u00f3 de residus a Vilella Recicla. Gr\u00e0cies<\/p>\n\t\t<\/div>\n\t\t\n\t\t<a class=\"elementor-post__read-more\" href=\"https:\/\/www.vilellarecicla.com\/ca\/signem-un-conveni-amb-el-gremi-dinstalladors-de-lleida\/\" aria-label=\"Read more about Signem un conveni amb el Gremi d&#8217;Instal\u00b7ladors de Lleida\" tabindex=\"-1\" >\n\t\t\t Llegir m\u00e9s \u00bb\t\t<\/a>\n\n\t\t\t\t<\/div>\n\t\t\t\t<div class=\"elementor-post__meta-data\">\n\t\t\t\t\t<span class=\"elementor-post-date\">\n\t\t\t21\/11\/2023\t\t<\/span>\n\t\t\t\t<\/div>\n\t\t\t\t\t<\/div>\n\t\t<\/article>\n\t\t\t\t<article class=\"elementor-post elementor-grid-item post-758 post type-post status-publish format-standard has-post-thumbnail hentry category-actualitat\">\n\t\t\t<div class=\"elementor-post__card\">\n\t\t\t\t<a class=\"elementor-post__thumbnail__link\" href=\"https:\/\/www.vilellarecicla.com\/ca\/implantem-liso-14001-a-la-planta-dels-alamus\/\" tabindex=\"-1\" ><div class=\"elementor-post__thumbnail\"><img loading=\"lazy\" decoding=\"async\" width=\"768\" height=\"535\" src=\"https:\/\/www.vilellarecicla.com\/ca\/wp-content\/uploads\/sites\/4\/planta-alamus-768x535.jpg\" class=\"attachment-medium_large size-medium_large wp-image-759\" alt=\"\" srcset=\"https:\/\/www.vilellarecicla.com\/ca\/wp-content\/uploads\/sites\/4\/planta-alamus-768x535.jpg 768w, https:\/\/www.vilellarecicla.com\/ca\/wp-content\/uploads\/sites\/4\/planta-alamus-300x209.jpg 300w, https:\/\/www.vilellarecicla.com\/ca\/wp-content\/uploads\/sites\/4\/planta-alamus.jpg 1000w\" sizes=\"(max-width: 768px) 100vw, 768px\" \/><\/div><\/a>\n\t\t\t\t<div class=\"elementor-post__badge\">Actualitat<\/div>\n\t\t\t\t<div class=\"elementor-post__text\">\n\t\t\t\t<h3 class=\"elementor-post__title\">\n\t\t\t<a href=\"https:\/\/www.vilellarecicla.com\/ca\/implantem-liso-14001-a-la-planta-dels-alamus\/\" >\n\t\t\t\tImplantem l\u2019ISO 14001 a la planta dels Alam\u00fas\t\t\t<\/a>\n\t\t<\/h3>\n\t\t\t\t<div class=\"elementor-post__excerpt\">\n\t\t\t<p>Molt contents d\u2019anunciar que ens han atorgat el certificat ISO 14001 despr\u00e9s de l\u2019avaluaci\u00f3 feta per SGS, empresa l\u00edder en inspeccions, verificacions i certificacions, que<\/p>\n\t\t<\/div>\n\t\t\n\t\t<a class=\"elementor-post__read-more\" href=\"https:\/\/www.vilellarecicla.com\/ca\/implantem-liso-14001-a-la-planta-dels-alamus\/\" aria-label=\"Read more about Implantem l\u2019ISO 14001 a la planta dels Alam\u00fas\" tabindex=\"-1\" >\n\t\t\t Llegir m\u00e9s \u00bb\t\t<\/a>\n\n\t\t\t\t<\/div>\n\t\t\t\t<div class=\"elementor-post__meta-data\">\n\t\t\t\t\t<span class=\"elementor-post-date\">\n\t\t\t16\/06\/2022\t\t<\/span>\n\t\t\t\t<\/div>\n\t\t\t\t\t<\/div>\n\t\t<\/article>\n\t\t\t\t<article class=\"elementor-post elementor-grid-item post-615 post type-post status-publish format-standard has-post-thumbnail hentry category-actualitat\">\n\t\t\t<div class=\"elementor-post__card\">\n\t\t\t\t<a class=\"elementor-post__thumbnail__link\" href=\"https:\/\/www.vilellarecicla.com\/ca\/premsa-mobil-per-al-tractament-de-ferralla\/\" tabindex=\"-1\" ><div class=\"elementor-post__thumbnail\"><img loading=\"lazy\" decoding=\"async\" width=\"768\" height=\"432\" src=\"https:\/\/www.vilellarecicla.com\/ca\/wp-content\/uploads\/sites\/4\/premsamobil-768x432.jpg\" class=\"attachment-medium_large size-medium_large wp-image-616\" alt=\"\" srcset=\"https:\/\/www.vilellarecicla.com\/ca\/wp-content\/uploads\/sites\/4\/premsamobil-768x432.jpg 768w, https:\/\/www.vilellarecicla.com\/ca\/wp-content\/uploads\/sites\/4\/premsamobil-300x169.jpg 300w, https:\/\/www.vilellarecicla.com\/ca\/wp-content\/uploads\/sites\/4\/premsamobil-1024x576.jpg 1024w, https:\/\/www.vilellarecicla.com\/ca\/wp-content\/uploads\/sites\/4\/premsamobil.jpg 1280w\" sizes=\"(max-width: 768px) 100vw, 768px\" \/><\/div><\/a>\n\t\t\t\t<div class=\"elementor-post__badge\">Actualitat<\/div>\n\t\t\t\t<div class=\"elementor-post__text\">\n\t\t\t\t<h3 class=\"elementor-post__title\">\n\t\t\t<a href=\"https:\/\/www.vilellarecicla.com\/ca\/premsa-mobil-per-al-tractament-de-ferralla\/\" >\n\t\t\t\tPremsa m\u00f2bil per al tractament de ferralla\t\t\t<\/a>\n\t\t<\/h3>\n\t\t\t\t<div class=\"elementor-post__excerpt\">\n\t\t\t<p>Disposem de premsa m\u00f2bil per al tractament de ferralla i metalls a centres de desballestament de vehicles, plantes metal\u00b7l\u00fargiques, naus industrials\u2026 Ens desplacem al lloc<\/p>\n\t\t<\/div>\n\t\t\n\t\t<a class=\"elementor-post__read-more\" href=\"https:\/\/www.vilellarecicla.com\/ca\/premsa-mobil-per-al-tractament-de-ferralla\/\" aria-label=\"Read more about Premsa m\u00f2bil per al tractament de ferralla\" tabindex=\"-1\" >\n\t\t\t Llegir m\u00e9s \u00bb\t\t<\/a>\n\n\t\t\t\t<\/div>\n\t\t\t\t<div class=\"elementor-post__meta-data\">\n\t\t\t\t\t<span class=\"elementor-post-date\">\n\t\t\t18\/03\/2022\t\t<\/span>\n\t\t\t\t<\/div>\n\t\t\t\t\t<\/div>\n\t\t<\/article>\n\t\t\t\t<article class=\"elementor-post elementor-grid-item post-195 post type-post status-publish format-standard has-post-thumbnail hentry category-actualitat\">\n\t\t\t<div class=\"elementor-post__card\">\n\t\t\t\t<a class=\"elementor-post__thumbnail__link\" href=\"https:\/\/www.vilellarecicla.com\/ca\/produccio-de-csr-per-aconseguir-el-residu-zero\/\" tabindex=\"-1\" ><div class=\"elementor-post__thumbnail\"><img loading=\"lazy\" decoding=\"async\" width=\"768\" height=\"571\" src=\"https:\/\/www.vilellarecicla.com\/ca\/wp-content\/uploads\/sites\/4\/noticia2-768x571.jpg\" class=\"attachment-medium_large size-medium_large wp-image-332\" alt=\"\" srcset=\"https:\/\/www.vilellarecicla.com\/ca\/wp-content\/uploads\/sites\/4\/noticia2-768x571.jpg 768w, https:\/\/www.vilellarecicla.com\/ca\/wp-content\/uploads\/sites\/4\/noticia2-300x223.jpg 300w, https:\/\/www.vilellarecicla.com\/ca\/wp-content\/uploads\/sites\/4\/noticia2.jpg 1000w\" sizes=\"(max-width: 768px) 100vw, 768px\" \/><\/div><\/a>\n\t\t\t\t<div class=\"elementor-post__badge\">Actualitat<\/div>\n\t\t\t\t<div class=\"elementor-post__text\">\n\t\t\t\t<h3 class=\"elementor-post__title\">\n\t\t\t<a href=\"https:\/\/www.vilellarecicla.com\/ca\/produccio-de-csr-per-aconseguir-el-residu-zero\/\" >\n\t\t\t\tProducci\u00f3 de CSR per aconseguir el &#8220;residu zero&#8221;\t\t\t<\/a>\n\t\t<\/h3>\n\t\t\t\t<div class=\"elementor-post__excerpt\">\n\t\t\t<p>El concepte &#8220;zero waste\u201d o residu zero \u00e9s l&#8217;objectiu m\u00e0xim del reciclatge i la sostenibilitat. Per aix\u00f2 cal dur a terme processos com la producci\u00f3<\/p>\n\t\t<\/div>\n\t\t\n\t\t<a class=\"elementor-post__read-more\" href=\"https:\/\/www.vilellarecicla.com\/ca\/produccio-de-csr-per-aconseguir-el-residu-zero\/\" aria-label=\"Read more about Producci\u00f3 de CSR per aconseguir el &#8220;residu zero&#8221;\" tabindex=\"-1\" >\n\t\t\t Llegir m\u00e9s \u00bb\t\t<\/a>\n\n\t\t\t\t<\/div>\n\t\t\t\t<div class=\"elementor-post__meta-data\">\n\t\t\t\t\t<span class=\"elementor-post-date\">\n\t\t\t24\/02\/2022\t\t<\/span>\n\t\t\t\t<\/div>\n\t\t\t\t\t<\/div>\n\t\t<\/article>\n\t\t\t\t<article class=\"elementor-post elementor-grid-item post-192 post type-post status-publish format-standard has-post-thumbnail hentry category-actualitat\">\n\t\t\t<div class=\"elementor-post__card\">\n\t\t\t\t<a class=\"elementor-post__thumbnail__link\" href=\"https:\/\/www.vilellarecicla.com\/ca\/mai-abandonis-un-plastic-pot-tenir-moltes-vides\/\" tabindex=\"-1\" ><div class=\"elementor-post__thumbnail\"><img loading=\"lazy\" decoding=\"async\" width=\"768\" height=\"576\" src=\"https:\/\/www.vilellarecicla.com\/ca\/wp-content\/uploads\/sites\/4\/noticia1-768x576.jpg\" class=\"attachment-medium_large size-medium_large wp-image-331\" alt=\"\" srcset=\"https:\/\/www.vilellarecicla.com\/ca\/wp-content\/uploads\/sites\/4\/noticia1-768x576.jpg 768w, https:\/\/www.vilellarecicla.com\/ca\/wp-content\/uploads\/sites\/4\/noticia1-300x225.jpg 300w, https:\/\/www.vilellarecicla.com\/ca\/wp-content\/uploads\/sites\/4\/noticia1.jpg 1000w\" sizes=\"(max-width: 768px) 100vw, 768px\" \/><\/div><\/a>\n\t\t\t\t<div class=\"elementor-post__badge\">Actualitat<\/div>\n\t\t\t\t<div class=\"elementor-post__text\">\n\t\t\t\t<h3 class=\"elementor-post__title\">\n\t\t\t<a href=\"https:\/\/www.vilellarecicla.com\/ca\/mai-abandonis-un-plastic-pot-tenir-moltes-vides\/\" >\n\t\t\t\tMai abandonis un pl\u00e0stic, pot tenir moltes vides!\t\t\t<\/a>\n\t\t<\/h3>\n\t\t\t\t<div class=\"elementor-post__excerpt\">\n\t\t\t<p>A Vilella Recicla cada dia sotmetem el pl\u00e0stic a un proc\u00e9s de tractament consistent en la classificaci\u00f3, premsat i embalatge, per tal que s\u2019aprofiti com<\/p>\n\t\t<\/div>\n\t\t\n\t\t<a class=\"elementor-post__read-more\" href=\"https:\/\/www.vilellarecicla.com\/ca\/mai-abandonis-un-plastic-pot-tenir-moltes-vides\/\" aria-label=\"Read more about Mai abandonis un pl\u00e0stic, pot tenir moltes vides!\" tabindex=\"-1\" >\n\t\t\t Llegir m\u00e9s \u00bb\t\t<\/a>\n\n\t\t\t\t<\/div>\n\t\t\t\t<div class=\"elementor-post__meta-data\">\n\t\t\t\t\t<span class=\"elementor-post-date\">\n\t\t\t24\/02\/2022\t\t<\/span>\n\t\t\t\t<\/div>\n\t\t\t\t\t<\/div>\n\t\t<\/article>\n\t\t\t\t<\/div>\n\t\t\n\t\t\t\t\t\t<\/div>\n\t\t\t\t<\/div>\n\t\t\t\t\t<\/div>\n\t\t<\/div>\n\t\t\t\t\t<\/div>\n\t\t<\/section>\n\t\t\t\t<\/div>\n\t\t","protected":false},"excerpt":{"rendered":"<p>Not\u00edcies<\/p>\n","protected":false},"author":1,"featured_media":0,"parent":0,"menu_order":0,"comment_status":"closed","ping_status":"closed","template":"","meta":{"footnotes":""},"class_list":["post-639","page","type-page","status-publish","hentry"],"yoast_head":"<!-- This site is optimized with the Yoast SEO plugin v27.4 - https:\/\/yoast.com\/product\/yoast-seo-wordpress\/ -->\n<title>Not\u00edcies - Vilella Recicla<\/title>\n<meta name=\"robots\" content=\"index, follow, max-snippet:-1, max-image-preview:large, max-video-preview:-1\" \/>\n<link rel=\"canonical\" href=\"https:\/\/www.vilellarecicla.com\/ca\/noticies\/\" \/>\n<meta property=\"og:locale\" content=\"ca_ES\" \/>\n<meta property=\"og:type\" content=\"article\" \/>\n<meta property=\"og:title\" content=\"Not\u00edcies - Vilella Recicla\" \/>\n<meta property=\"og:description\" content=\"Not\u00edcies\" \/>\n<meta property=\"og:url\" content=\"https:\/\/www.vilellarecicla.com\/ca\/noticies\/\" \/>\n<meta property=\"og:site_name\" content=\"Vilella Recicla\" \/>\n<meta property=\"article:modified_time\" content=\"2022-03-18T07:43:08+00:00\" \/>\n<meta name=\"twitter:card\" content=\"summary_large_image\" \/>\n<script type=\"application\/ld+json\" class=\"yoast-schema-graph\">{\"@context\":\"https:\\\/\\\/schema.org\",\"@graph\":[{\"@type\":\"WebPage\",\"@id\":\"https:\\\/\\\/www.vilellarecicla.com\\\/ca\\\/noticies\\\/\",\"url\":\"https:\\\/\\\/www.vilellarecicla.com\\\/ca\\\/noticies\\\/\",\"name\":\"Not\u00edcies - Vilella Recicla\",\"isPartOf\":{\"@id\":\"https:\\\/\\\/www.vilellarecicla.com\\\/ca\\\/#website\"},\"datePublished\":\"2022-03-18T07:40:08+00:00\",\"dateModified\":\"2022-03-18T07:43:08+00:00\",\"breadcrumb\":{\"@id\":\"https:\\\/\\\/www.vilellarecicla.com\\\/ca\\\/noticies\\\/#breadcrumb\"},\"inLanguage\":\"ca\",\"potentialAction\":[{\"@type\":\"ReadAction\",\"target\":[\"https:\\\/\\\/www.vilellarecicla.com\\\/ca\\\/noticies\\\/\"]}]},{\"@type\":\"BreadcrumbList\",\"@id\":\"https:\\\/\\\/www.vilellarecicla.com\\\/ca\\\/noticies\\\/#breadcrumb\",\"itemListElement\":[{\"@type\":\"ListItem\",\"position\":1,\"name\":\"Inici\",\"item\":\"https:\\\/\\\/www.vilellarecicla.com\\\/ca\\\/\"},{\"@type\":\"ListItem\",\"position\":2,\"name\":\"Not\u00edcies\"}]},{\"@type\":\"WebSite\",\"@id\":\"https:\\\/\\\/www.vilellarecicla.com\\\/ca\\\/#website\",\"url\":\"https:\\\/\\\/www.vilellarecicla.com\\\/ca\\\/\",\"name\":\"Vilella Recicla\",\"description\":\"Transformem residus en recursos\",\"publisher\":{\"@id\":\"https:\\\/\\\/www.vilellarecicla.com\\\/ca\\\/#organization\"},\"potentialAction\":[{\"@type\":\"SearchAction\",\"target\":{\"@type\":\"EntryPoint\",\"urlTemplate\":\"https:\\\/\\\/www.vilellarecicla.com\\\/ca\\\/?s={search_term_string}\"},\"query-input\":{\"@type\":\"PropertyValueSpecification\",\"valueRequired\":true,\"valueName\":\"search_term_string\"}}],\"inLanguage\":\"ca\"},{\"@type\":\"Organization\",\"@id\":\"https:\\\/\\\/www.vilellarecicla.com\\\/ca\\\/#organization\",\"name\":\"Vilella Recicla\",\"url\":\"https:\\\/\\\/www.vilellarecicla.com\\\/ca\\\/\",\"logo\":{\"@type\":\"ImageObject\",\"inLanguage\":\"ca\",\"@id\":\"https:\\\/\\\/www.vilellarecicla.com\\\/ca\\\/#\\\/schema\\\/logo\\\/image\\\/\",\"url\":\"https:\\\/\\\/www.vilellarecicla.com\\\/ca\\\/wp-content\\\/uploads\\\/sites\\\/4\\\/logo-Vilella_horitzontal.svg\",\"contentUrl\":\"https:\\\/\\\/www.vilellarecicla.com\\\/ca\\\/wp-content\\\/uploads\\\/sites\\\/4\\\/logo-Vilella_horitzontal.svg\",\"width\":777,\"height\":153,\"caption\":\"Vilella Recicla\"},\"image\":{\"@id\":\"https:\\\/\\\/www.vilellarecicla.com\\\/ca\\\/#\\\/schema\\\/logo\\\/image\\\/\"}}]}<\/script>\n<!-- \/ Yoast SEO plugin. -->","yoast_head_json":{"title":"Not\u00edcies - Vilella Recicla","robots":{"index":"index","follow":"follow","max-snippet":"max-snippet:-1","max-image-preview":"max-image-preview:large","max-video-preview":"max-video-preview:-1"},"canonical":"https:\/\/www.vilellarecicla.com\/ca\/noticies\/","og_locale":"ca_ES","og_type":"article","og_title":"Not\u00edcies - Vilella Recicla","og_description":"Not\u00edcies","og_url":"https:\/\/www.vilellarecicla.com\/ca\/noticies\/","og_site_name":"Vilella Recicla","article_modified_time":"2022-03-18T07:43:08+00:00","twitter_card":"summary_large_image","schema":{"@context":"https:\/\/schema.org","@graph":[{"@type":"WebPage","@id":"https:\/\/www.vilellarecicla.com\/ca\/noticies\/","url":"https:\/\/www.vilellarecicla.com\/ca\/noticies\/","name":"Not\u00edcies - Vilella Recicla","isPartOf":{"@id":"https:\/\/www.vilellarecicla.com\/ca\/#website"},"datePublished":"2022-03-18T07:40:08+00:00","dateModified":"2022-03-18T07:43:08+00:00","breadcrumb":{"@id":"https:\/\/www.vilellarecicla.com\/ca\/noticies\/#breadcrumb"},"inLanguage":"ca","potentialAction":[{"@type":"ReadAction","target":["https:\/\/www.vilellarecicla.com\/ca\/noticies\/"]}]},{"@type":"BreadcrumbList","@id":"https:\/\/www.vilellarecicla.com\/ca\/noticies\/#breadcrumb","itemListElement":[{"@type":"ListItem","position":1,"name":"Inici","item":"https:\/\/www.vilellarecicla.com\/ca\/"},{"@type":"ListItem","position":2,"name":"Not\u00edcies"}]},{"@type":"WebSite","@id":"https:\/\/www.vilellarecicla.com\/ca\/#website","url":"https:\/\/www.vilellarecicla.com\/ca\/","name":"Vilella Recicla","description":"Transformem residus en recursos","publisher":{"@id":"https:\/\/www.vilellarecicla.com\/ca\/#organization"},"potentialAction":[{"@type":"SearchAction","target":{"@type":"EntryPoint","urlTemplate":"https:\/\/www.vilellarecicla.com\/ca\/?s={search_term_string}"},"query-input":{"@type":"PropertyValueSpecification","valueRequired":true,"valueName":"search_term_string"}}],"inLanguage":"ca"},{"@type":"Organization","@id":"https:\/\/www.vilellarecicla.com\/ca\/#organization","name":"Vilella Recicla","url":"https:\/\/www.vilellarecicla.com\/ca\/","logo":{"@type":"ImageObject","inLanguage":"ca","@id":"https:\/\/www.vilellarecicla.com\/ca\/#\/schema\/logo\/image\/","url":"https:\/\/www.vilellarecicla.com\/ca\/wp-content\/uploads\/sites\/4\/logo-Vilella_horitzontal.svg","contentUrl":"https:\/\/www.vilellarecicla.com\/ca\/wp-content\/uploads\/sites\/4\/logo-Vilella_horitzontal.svg","width":777,"height":153,"caption":"Vilella Recicla"},"image":{"@id":"https:\/\/www.vilellarecicla.com\/ca\/#\/schema\/logo\/image\/"}}]}},"_links":{"self":[{"href":"https:\/\/www.vilellarecicla.com\/ca\/wp-json\/wp\/v2\/pages\/639","targetHints":{"allow":["GET"]}}],"collection":[{"href":"https:\/\/www.vilellarecicla.com\/ca\/wp-json\/wp\/v2\/pages"}],"about":[{"href":"https:\/\/www.vilellarecicla.com\/ca\/wp-json\/wp\/v2\/types\/page"}],"author":[{"embeddable":true,"href":"https:\/\/www.vilellarecicla.com\/ca\/wp-json\/wp\/v2\/users\/1"}],"replies":[{"embeddable":true,"href":"https:\/\/www.vilellarecicla.com\/ca\/wp-json\/wp\/v2\/comments?post=639"}],"version-history":[{"count":4,"href":"https:\/\/www.vilellarecicla.com\/ca\/wp-json\/wp\/v2\/pages\/639\/revisions"}],"predecessor-version":[{"id":643,"href":"https:\/\/www.vilellarecicla.com\/ca\/wp-json\/wp\/v2\/pages\/639\/revisions\/643"}],"wp:attachment":[{"href":"https:\/\/www.vilellarecicla.com\/ca\/wp-json\/wp\/v2\/media?parent=639"}],"curies":[{"name":"wp","href":"https:\/\/api.w.org\/{rel}","templated":true}]}}